{"id":11,"date":"2023-01-31T14:47:44","date_gmt":"2023-01-31T11:47:44","guid":{"rendered":"https:\/\/pierrecardinbedding.com.tr\/?page_id=11"},"modified":"2023-11-09T16:28:45","modified_gmt":"2023-11-09T13:28:45","slug":"geri-odeme-ve-iade-politikasi","status":"publish","type":"page","link":"https:\/\/pierrecardinyatak.com.tr\/kk\/geri-odeme-ve-iade-politikasi\/","title":{"rendered":"Geri \u00d6deme ve \u0130ade Politikas\u0131"},"content":{"rendered":"<div class=\"wpb-content-wrapper\"><div class=\"vc_row wpb_row vc_row-fluid\"><div class=\"wpb_column vc_column_container vc_col-sm-2\"><div class=\"vc_column-inner\"><div class=\"wpb_wrapper\"><\/div><\/div><\/div><div class=\"wpb_column vc_column_container vc_col-sm-8\"><div class=\"vc_column-inner\"><div class=\"wpb_wrapper\">\n\t<div class=\"wpb_text_column wpb_content_element\" >\n\t\t<div class=\"wpb_wrapper\">\n\t\t\t<h1><u>\u00a0<\/u><u>K\u0130\u015e\u0130SEL VER\u0130LER\u0130N KORUNMASINA \u0130L\u0130\u015eK\u0130N BA\u015eVURU FORMU<\/u><\/h1>\n<p>&nbsp;<\/p>\n<p>6698 say\u0131l\u0131 Ki\u015fisel Verilerin Korunmas\u0131 Kanunu\u2019nun (\u201c<strong>Kanun<\/strong>\u201d) ve ilgili mevzuat uyar\u0131nca veri sorumlusuna Ta\u015fk\u0131ranlar Grup \u015eirketlerine(\u201cKurum\u201d) yaz\u0131l\u0131 olarak ba\u015fvurarak bilgi edinme imkan\u0131n\u0131z bulunmaktad\u0131r.<\/p>\n<p>&nbsp;<\/p>\n<p>AMA\u00c7<\/p>\n<p>\u0130\u015fbu ba\u015fvuru formu ile ki\u015fisel verilerinizin;<\/p>\n<ol>\n<li>i\u015flenip i\u015flenmedi\u011fini \u00f6\u011frenme,<\/li>\n<li>i\u015flenmi\u015fse bilgi talep etme,<\/li>\n<li>i\u015flenme amac\u0131n\u0131 ve amac\u0131na uygun kullan\u0131l\u0131p kullan\u0131lmad\u0131\u011f\u0131n\u0131 \u00f6\u011frenme,<\/li>\n<li>yurt i\u00e7inde \/ yurt d\u0131\u015f\u0131nda transfer edildi\u011fi taraflar\u0131 \u00f6\u011frenme,<\/li>\n<li>eksik \/ yanl\u0131\u015f i\u015flenmi\u015fse d\u00fczeltilmesini isteme,<\/li>\n<li>Kanun\u2019un 7. maddesinde \u00f6ng\u00f6r\u00fclen \u015fartlar \u00e7er\u00e7evesinde silinmesini \/ yok edilmesini isteme,<\/li>\n<li>aktar\u0131ld\u0131\u011f\u0131 3. ki\u015filere yukar\u0131da say\u0131lan (e) ve (f) bentleri uyar\u0131nca yap\u0131lan i\u015flemlerin bildirilmesini isteme,<\/li>\n<li>m\u00fcnhas\u0131ran otomatik sistemler ile analiz edilmesi nedeniyle aleyhinize bir sonucun ortaya \u00e7\u0131kmas\u0131na itiraz etme,<\/li>\n<li>kanuna ayk\u0131r\u0131 olarak i\u015flenmesi sebebiyle zarara u\u011framan\u0131z h\u00e2linde zarar\u0131n giderilmesini talep etme hakk\u0131na sahipsiniz.<\/li>\n<\/ol>\n<h2>I.\u00a0\u00a0\u00a0\u00a0\u00a0\u00a0\u00a0\u00a0\u00a0\u00a0\u00a0\u00a0\u00a0\u00a0\u00a0\u00a0\u00a0\u00a0 BA\u015eVURU S\u00dcREC\u0130<\/h2>\n<p>Kurumumuz taleplerinizi, talebin niteli\u011fine g\u00f6re en k\u0131sa s\u00fcrede ve en ge\u00e7 otuz g\u00fcn i\u00e7inde \u00fccretsiz olarak sonu\u00e7land\u0131r\u0131r. Ancak, i\u015flemin ayr\u0131ca bir maliyeti gerektirmesi h\u00e2linde, \u00fccret al\u0131nabilir. Kurumumuz talebi kabul edip i\u015fleme koyabilir veya gerek\u00e7esini a\u00e7\u0131klayarak talebi yaz\u0131l\u0131 usulle reddedebilir. Ba\u015fvurunun Kurumumuz hatas\u0131ndan kaynaklanmas\u0131 h\u00e2linde al\u0131nan \u00fccret \u0130lgili Ki\u015fi\u2019ye iade edilir.<\/p>\n<h2>II.\u00a0\u00a0\u00a0\u00a0\u00a0\u00a0\u00a0\u00a0\u00a0\u00a0\u00a0\u00a0\u00a0\u00a0\u00a0 BA\u015eVURUNUN \u0130\u00c7ER\u0130\u011e\u0130<\/h2>\n<p>Taraf\u0131n\u0131zca verilmi\u015f olan bilgilerin do\u011fru ve g\u00fcncel olmas\u0131 gerekmekte olup, Kurumumuz i\u015fbu form i\u00e7eri\u011finde yanl\u0131\u015f ya da eksik bilgi verilmesi ya da yetkisiz ba\u015fvuru sebebiyle do\u011fabilecek taleplerden \u00f6t\u00fcr\u00fc sorumluluk kabul etmemektedir. Kurumumuz, veri g\u00fcvenli\u011fini teminen kimlik tespiti amac\u0131yla taraf\u0131n\u0131zdan ilave bilgi ve belge (\u00f6rn. N\u00fcfus c\u00fczdan\u0131 veya s\u00fcr\u00fcc\u00fc belgesi sureti vb.) talep etme hakk\u0131n\u0131 sakl\u0131 tutar.<\/p>\n<h2>III.\u00a0\u00a0\u00a0\u00a0\u00a0\u00a0\u00a0\u00a0\u00a0\u00a0\u00a0\u00a0 \u0130ST\u0130SNA\u0130 HALLER<\/h2>\n<p>\u00d6te yandan a\u015fa\u011f\u0131da belirtilen hallerin Kanun kapsam\u0131nda olmamas\u0131 sebebiyle bu konulara ili\u015fkin talep y\u00f6neltme hakk\u0131 do\u011fmayacakt\u0131r:<\/p>\n<p>&nbsp;<\/p>\n<ol>\n<li>Ki\u015fisel verilerin, \u00fc\u00e7\u00fcnc\u00fc ki\u015filere verilmemek ve veri g\u00fcvenli\u011fine ili\u015fkin y\u00fck\u00fcml\u00fcl\u00fcklere uyulmak kayd\u0131yla ger\u00e7ek ki\u015filer taraf\u0131ndan tamamen kendisiyle veya ayn\u0131 konutta ya\u015fayan aile fertleriyle ilgili faaliyetler kapsam\u0131nda i\u015flenmesi.<\/li>\n<li>Ki\u015fisel verilerin resmi istatistik ile anonim h\u00e2le getirilmek suretiyle ara\u015ft\u0131rma, planlama ve istatistik gibi ama\u00e7larla i\u015flenmesi.<\/li>\n<li>Ki\u015fisel verilerin mill\u00ee savunmay\u0131, mill\u00ee g\u00fcvenli\u011fi, kamu g\u00fcvenli\u011fini, kamu d\u00fczenini, ekonomik g\u00fcvenli\u011fi, \u00f6zel hayat\u0131n gizlili\u011fini veya ki\u015filik haklar\u0131n\u0131 ihlal etmemek ya da su\u00e7 te\u015fkil etmemek kayd\u0131yla, sanat, tarih, edebiyat veya bilimsel ama\u00e7larla ya da ifade \u00f6zg\u00fcrl\u00fc\u011f\u00fc kapsam\u0131nda i\u015flenmesi.<\/li>\n<li>Ki\u015fisel verilerin mill\u00ee savunmay\u0131, mill\u00ee g\u00fcvenli\u011fi, kamu g\u00fcvenli\u011fini, kamu d\u00fczenini veya ekonomik g\u00fcvenli\u011fi sa\u011flamaya y\u00f6nelik olarak kanunla g\u00f6rev ve yetki verilmi\u015f kamu kurum ve kurulu\u015flar\u0131 taraf\u0131ndan y\u00fcr\u00fct\u00fclen \u00f6nleyici, koruyucu ve istihbari faaliyetler kapsam\u0131nda i\u015flenmesi.<\/li>\n<li>Ki\u015fisel verilerin soru\u015fturma, kovu\u015fturma, yarg\u0131lama veya infaz i\u015flemlerine ili\u015fkin olarak yarg\u0131 makamlar\u0131 veya infaz mercileri taraf\u0131ndan i\u015flenmesi.<\/li>\n<\/ol>\n<p>A\u015fa\u011f\u0131daki durumlarda ise yaln\u0131zca olu\u015fan zarar\u0131n kar\u015f\u0131lanmas\u0131n\u0131 talep hakk\u0131 do\u011facakt\u0131r.<\/p>\n<ol>\n<li>Ki\u015fisel veri i\u015flemenin su\u00e7 i\u015flenmesinin \u00f6nlenmesi veya su\u00e7 soru\u015fturmas\u0131 i\u00e7in gerekli olmas\u0131.<\/li>\n<li>\u0130lgili ki\u015finin kendisi taraf\u0131ndan alenile\u015ftirilmi\u015f ki\u015fisel verilerin i\u015flenmesi.<\/li>\n<li>Ki\u015fisel veri i\u015flemenin kanunun verdi\u011fi yetkiye dayan\u0131larak g\u00f6revli ve yetkili kamu kurum ve kurulu\u015flar\u0131 ile kamu kurumu niteli\u011findeki meslek kurulu\u015flar\u0131nca, denetleme veya d\u00fczenleme g\u00f6revlerinin y\u00fcr\u00fct\u00fclmesi ile disiplin soru\u015fturma veya kovu\u015fturmas\u0131 i\u00e7in gerekli olmas\u0131.<\/li>\n<li>Ki\u015fisel veri i\u015flemenin b\u00fct\u00e7e, vergi ve mali konulara ili\u015fkin olarak Devletin ekonomik ve mali \u00e7\u0131karlar\u0131n\u0131n korunmas\u0131 i\u00e7in gerekli olmas\u0131.<\/li>\n<\/ol>\n<h3>IV.\u00a0\u00a0\u00a0\u00a0\u00a0\u00a0\u00a0\u00a0\u00a0\u00a0\u00a0\u00a0\u00a0 BA\u015eVURU Y\u00d6NTEM\u0130<\/h3>\n<p>Yukar\u0131daki bilgileri \u0131\u015f\u0131\u011f\u0131nda Kurumumuzun \u201cKaraa\u011fa\u00e7l\u0131 Mh. Ali Kavkas Cad. No:10 \u015eehzadeler \/ Manisa\u201d adresinde yer alan kurumumuza g\u00f6nderece\u011finiz iadeli taahh\u00fctl\u00fc mektup veya \u015fahsen ibraz edece\u011finiz form ile veya <a href=\"mailto:info@pierrecardinbedding.com.tr\">info@pierrecardinbedding.com.tr<\/a> adresinden e-mail yolu ile ba\u015fvurabilirsiniz.<\/p>\n<h3>V.\u00a0\u00a0\u00a0\u00a0\u00a0\u00a0\u00a0\u00a0\u00a0\u00a0\u00a0\u00a0\u00a0\u00a0\u00a0\u00a0 \u0130LET\u0130\u015e\u0130M B\u0130LG\u0130LER\u0130N\u0130Z<\/h3>\n<p><strong>\u00a0<\/strong><\/p>\n<p><strong>\u00a0<\/strong><\/p>\n<p><strong>\u00a0<\/strong><\/p>\n<table>\n<tbody>\n<tr>\n<td width=\"170\"><strong>Ad\u0131 Soyad\u0131:<\/strong><\/td>\n<td colspan=\"3\" width=\"491\"><\/td>\n<\/tr>\n<tr>\n<td width=\"170\"><strong>T.C.Kimlik Numaras\u0131:<\/strong><\/td>\n<td width=\"170\"><\/td>\n<td width=\"113\"><strong>Cep Telefonu:<\/strong><\/td>\n<td width=\"207\"><\/td>\n<\/tr>\n<tr>\n<td width=\"170\"><strong>E-posta adresi:<\/strong><\/td>\n<td width=\"170\"><\/td>\n<td width=\"113\"><strong>Ev Telefonu:<\/strong><\/td>\n<td width=\"207\"><\/td>\n<\/tr>\n<tr>\n<td width=\"170\"><strong>Adres:<\/strong><\/td>\n<td colspan=\"3\" width=\"491\"><\/td>\n<\/tr>\n<\/tbody>\n<\/table>\n<p>&nbsp;<\/p>\n<p><strong>\u00a0<\/strong><\/p>\n<ol>\n<li>\n<h4><strong>TALEP VE \u0130STEKLER<\/strong><\/h4>\n<\/li>\n<\/ol>\n<p><strong>\u00a0<\/strong><\/p>\n<table>\n<tbody>\n<tr>\n<td colspan=\"2\" width=\"652\"><strong>Mevcut Konumunuz<\/strong><\/td>\n<\/tr>\n<tr>\n<td width=\"284\">\u2610\u00a0\u00a0 <strong>M\u00fc\u015fteri<\/strong><\/p>\n<p>\u2610\u00a0\u00a0 <strong>Ziyaret\u00e7i<\/strong><\/p>\n<p>\u2610\u00a0\u00a0 <strong>\u00c7al\u0131\u015fan<\/strong><\/p>\n<p>\u2610\u00a0\u00a0 <strong>\u0130\u015f orta\u011f\u0131<\/strong><\/td>\n<td width=\"369\">\u2610\u00a0\u00a0 <strong>\u00d6\u011frenci<\/strong><\/p>\n<p>\u2610\u00a0\u00a0 <strong>Eski \u00c7al\u0131\u015fan<\/strong><\/p>\n<p>\u2610\u00a0\u00a0 <strong>Di\u011fer:<\/strong><\/td>\n<\/tr>\n<tr>\n<td colspan=\"2\" width=\"652\"><strong>Kurumumuz i\u00e7erisinde ileti\u015fimde oldu\u011funuz birimimiz<\/strong><\/td>\n<\/tr>\n<\/tbody>\n<\/table>\n<p><strong>\u00a0<\/strong><\/p>\n<p><strong>\u00a0<\/strong><\/p>\n<table>\n<tbody>\n<tr>\n<td colspan=\"3\" width=\"652\"><strong>Talepleriniz<\/strong><\/td>\n<\/tr>\n<tr>\n<td width=\"47\"><strong>1<\/strong><\/td>\n<td width=\"444\"><strong>Kurumunuz nezdinde ki\u015fisel verilerim i\u015fleniyor mu?<\/strong><\/td>\n<td width=\"161\"><\/td>\n<\/tr>\n<tr>\n<td width=\"47\"><strong>2<\/strong><\/td>\n<td width=\"444\"><strong>Ki\u015fisel verilerimin i\u015flenme faaliyetleri nelerdir?<\/strong><\/td>\n<td width=\"161\"><\/td>\n<\/tr>\n<tr>\n<td width=\"47\"><strong>3<\/strong><\/td>\n<td width=\"444\"><strong>Ki\u015fisel verilerimin i\u015flenme amac\u0131 nedir?<\/strong><\/td>\n<td width=\"161\"><\/td>\n<\/tr>\n<tr>\n<td width=\"47\"><strong>4<\/strong><\/td>\n<td width=\"444\"><strong>Ki\u015fisel verilerim yurt i\u00e7inde veya d\u0131\u015f\u0131nda \u00fc\u00e7\u00fcnc\u00fc ki\u015filere aktar\u0131l\u0131yor mu?<\/strong><\/td>\n<td width=\"161\"><\/td>\n<\/tr>\n<tr>\n<td width=\"47\"><strong>5<\/strong><\/td>\n<td width=\"444\"><strong>Ki\u015fisel verilerime ili\u015fkin a\u015fa\u011f\u0131da belirtti\u011fim \u015fekilde d\u00fczeltme talebim bulunmaktad\u0131r.<\/strong><\/p>\n<p><strong><em>(Bu talebinizi d\u00fczeltme talebinizin oldu\u011fu bilgileri a\u00e7\u0131k\u00e7a belirterek ve do\u011fru veya tamamlay\u0131c\u0131 bilgileri g\u00f6steren belgeleri ibraz ederek y\u00f6neltmeniz gerekmektedir.)<\/em><\/strong><\/td>\n<td width=\"161\"><\/td>\n<\/tr>\n<tr>\n<td width=\"47\"><strong>6<\/strong><\/td>\n<td width=\"444\"><strong>A\u015fa\u011f\u0131da belirtti\u011fim ki\u015fisel verilerime ili\u015fkin silme talebim bulunmaktad\u0131r.<\/strong><\/p>\n<p><strong><em>(Sebebinin belirtilmesi gerekmektedir.)<\/em><\/strong><\/td>\n<td width=\"161\"><\/td>\n<\/tr>\n<tr>\n<td width=\"47\"><strong>7<\/strong><\/td>\n<td width=\"444\"><strong>A\u015fa\u011f\u0131da belirtti\u011fim ki\u015fisel verilerime ili\u015fkin anonimle\u015ftirme talebim bulunmaktad\u0131r.<\/strong><\/p>\n<p><strong><em>(Sebebinin belirtilmesi gerekmektedir.)<\/em><\/strong><\/td>\n<td width=\"161\"><\/td>\n<\/tr>\n<tr>\n<td width=\"47\"><strong>8<\/strong><\/td>\n<td width=\"444\"><strong>D\u00fczeltme ve\/veya silme talebimin a\u015fa\u011f\u0131da belirtilen ki\u015filere bildirilmesi talebim bulunmaktad\u0131r.<\/strong><\/td>\n<td width=\"161\"><\/td>\n<\/tr>\n<tr>\n<td width=\"47\"><strong>9<\/strong><\/td>\n<td width=\"444\"><strong>Ki\u015fisel verilerimin hukuka ayk\u0131r\u0131 olarak i\u015flenmesi sebebiyle olu\u015fan zarar\u0131m\u0131n giderilmesi talebim bulunmaktad\u0131r.<\/strong><\/p>\n<p><strong><em>(Zarar\u0131n gerek\u00e7eli ve belgeli olarak belirtilmesi gerekmektedir.)<\/em><\/strong><\/td>\n<td width=\"161\"><\/td>\n<\/tr>\n<\/tbody>\n<\/table>\n<p>&nbsp;<\/p>\n<table width=\"100%\">\n<tbody>\n<tr>\n<td><strong>\u00a0<\/strong><\/p>\n<p><strong>A\u00c7IKLAMALAR<\/strong><\/td>\n<\/tr>\n<\/tbody>\n<\/table>\n<p><strong>\u00a0<\/strong><strong>\u00a0<\/strong><\/p>\n<table>\n<tbody>\n<tr>\n<td width=\"604\"><strong>Ba\u015fvurunuza Verilecek Yan\u0131t\u0131n Taraf\u0131n\u0131za Bildirilme Y\u00f6ntemi<\/strong><\/td>\n<\/tr>\n<tr>\n<td width=\"604\">\uf080 Yukar\u0131da belirtmi\u015f oldu\u011fum adresime g\u00f6nderilmesini istiyorum<\/td>\n<\/tr>\n<tr>\n<td width=\"604\">\uf080 Yukar\u0131da belirtmi\u015f oldu\u011fum E-posta adresime g\u00f6nderilmesini istiyorum.<\/td>\n<\/tr>\n<tr>\n<td width=\"604\">\uf080 Elden teslim almak istiyorum. (Vek\u00e2leten teslim al\u0131nmas\u0131 durumunda noterden vek\u00e2letname veya yetki belgesi olmas\u0131 gerekmektedir.)<\/td>\n<\/tr>\n<\/tbody>\n<\/table>\n<p><strong>\u00a0<\/strong><\/p>\n<p><strong>\u00a0<\/strong><strong>\u00a0<\/strong><\/p>\n<p><strong>\u0130lgili Ki\u015fi<\/strong><\/p>\n<p>Ad-Soyad<\/p>\n<p>Tarih- \u0130mza<\/p>\n\n\t\t<\/div>\n\t<\/div>\n<\/div><\/div><\/div><div class=\"wpb_column vc_column_container vc_col-sm-2\"><div class=\"vc_column-inner\"><div class=\"wpb_wrapper\"><\/div><\/div><\/div><\/div>\n<\/div>","protected":false},"excerpt":{"rendered":"\u00a0K\u0130\u015e\u0130SEL VER\u0130LER\u0130N KORUNMASINA \u0130L\u0130\u015eK\u0130N BA\u015eVURU FORMU &nbsp; 6698 say\u0131l\u0131 Ki\u015fisel Verilerin Korunmas\u0131 Kanunu\u2019nun (\u201cKanun\u201d) ve ilgili mevzuat uyar\u0131nca veri sorumlusuna","protected":false},"author":1,"featured_media":0,"parent":0,"menu_order":0,"comment_status":"closed","ping_status":"closed","template":"","meta":{"footnotes":""},"class_list":["post-11","page","type-page","status-publish","hentry"],"yoast_head":"<!-- This site is optimized with the Yoast SEO plugin v27.4 - https:\/\/yoast.com\/product\/yoast-seo-wordpress\/ -->\n<title>Geri \u00d6deme ve \u0130ade Politikas\u0131 - Pierre Cardin Yatak<\/title>\n<meta name=\"description\" content=\"Pierre Cardin Yatak markas\u0131na ait Ki\u015fisel Verilerin Korunmas\u0131na \u0130li\u015fkin Ba\u015fvuru formuna ula\u015fabilir ve detayl\u0131 bilgi alabilirsiniz.\" \/>\n<meta name=\"robots\" content=\"index, follow, max-snippet:-1, max-image-preview:large, max-video-preview:-1\" \/>\n<link rel=\"canonical\" href=\"https:\/\/pierrecardinyatak.com.tr\/kk\/geri-odeme-ve-iade-politikasi\/\" \/>\n<meta property=\"og:locale\" content=\"en_US\" \/>\n<meta property=\"og:type\" content=\"article\" \/>\n<meta property=\"og:title\" content=\"Geri \u00d6deme ve \u0130ade Politikas\u0131 - Pierre Cardin Yatak\" \/>\n<meta property=\"og:description\" content=\"Pierre Cardin Yatak markas\u0131na ait Ki\u015fisel Verilerin Korunmas\u0131na \u0130li\u015fkin Ba\u015fvuru formuna ula\u015fabilir ve detayl\u0131 bilgi alabilirsiniz.\" \/>\n<meta property=\"og:url\" content=\"https:\/\/pierrecardinyatak.com.tr\/kk\/geri-odeme-ve-iade-politikasi\/\" \/>\n<meta property=\"og:site_name\" content=\"Pierre Cardin Yatak\" \/>\n<meta property=\"article:publisher\" content=\"https:\/\/www.facebook.com\/pierrecardinyatak\" \/>\n<meta property=\"article:modified_time\" content=\"2023-11-09T13:28:45+00:00\" \/>\n<meta name=\"twitter:card\" content=\"summary_large_image\" \/>\n<meta name=\"twitter:site\" content=\"@pcardinbedding\" \/>\n<meta name=\"twitter:label1\" content=\"Est. reading time\" \/>\n\t<meta name=\"twitter:data1\" content=\"5 \u043c\u0438\u043d\u0443\u0442\u044b\" \/>\n<script type=\"application\/ld+json\" class=\"yoast-schema-graph\">{\"@context\":\"https:\\\/\\\/schema.org\",\"@graph\":[{\"@type\":[\"Article\",\"BlogPosting\"],\"@id\":\"https:\\\/\\\/pierrecardinyatak.com.tr\\\/geri-odeme-ve-iade-politikasi\\\/#article\",\"isPartOf\":{\"@id\":\"https:\\\/\\\/pierrecardinyatak.com.tr\\\/geri-odeme-ve-iade-politikasi\\\/\"},\"author\":{\"name\":\"admin\",\"@id\":\"https:\\\/\\\/pierrecardinyatak.com.tr\\\/#\\\/schema\\\/person\\\/1c182155c79ef557a479bd374b58f902\"},\"headline\":\"Geri \u00d6deme ve \u0130ade Politikas\u0131\",\"datePublished\":\"2023-01-31T11:47:44+00:00\",\"dateModified\":\"2023-11-09T13:28:45+00:00\",\"mainEntityOfPage\":{\"@id\":\"https:\\\/\\\/pierrecardinyatak.com.tr\\\/geri-odeme-ve-iade-politikasi\\\/\"},\"wordCount\":1030,\"inLanguage\":\"ru-RU\"},{\"@type\":\"WebPage\",\"@id\":\"https:\\\/\\\/pierrecardinyatak.com.tr\\\/geri-odeme-ve-iade-politikasi\\\/\",\"url\":\"https:\\\/\\\/pierrecardinyatak.com.tr\\\/geri-odeme-ve-iade-politikasi\\\/\",\"name\":\"Geri \u00d6deme ve \u0130ade Politikas\u0131 - Pierre Cardin Yatak\",\"isPartOf\":{\"@id\":\"https:\\\/\\\/pierrecardinyatak.com.tr\\\/#website\"},\"datePublished\":\"2023-01-31T11:47:44+00:00\",\"dateModified\":\"2023-11-09T13:28:45+00:00\",\"description\":\"Pierre Cardin Yatak markas\u0131na ait Ki\u015fisel Verilerin Korunmas\u0131na \u0130li\u015fkin Ba\u015fvuru formuna ula\u015fabilir ve detayl\u0131 bilgi alabilirsiniz.\",\"breadcrumb\":{\"@id\":\"https:\\\/\\\/pierrecardinyatak.com.tr\\\/geri-odeme-ve-iade-politikasi\\\/#breadcrumb\"},\"inLanguage\":\"ru-RU\",\"potentialAction\":[{\"@type\":\"ReadAction\",\"target\":[\"https:\\\/\\\/pierrecardinyatak.com.tr\\\/geri-odeme-ve-iade-politikasi\\\/\"]}]},{\"@type\":\"BreadcrumbList\",\"@id\":\"https:\\\/\\\/pierrecardinyatak.com.tr\\\/geri-odeme-ve-iade-politikasi\\\/#breadcrumb\",\"itemListElement\":[{\"@type\":\"ListItem\",\"position\":1,\"name\":\"Anasayfa\",\"item\":\"https:\\\/\\\/pierrecardinyatak.com.tr\\\/\"},{\"@type\":\"ListItem\",\"position\":2,\"name\":\"Geri \u00d6deme ve \u0130ade Politikas\u0131\"}]},{\"@type\":\"WebSite\",\"@id\":\"https:\\\/\\\/pierrecardinyatak.com.tr\\\/#website\",\"url\":\"https:\\\/\\\/pierrecardinyatak.com.tr\\\/\",\"name\":\"Pierre Cardin Yatak\",\"description\":\"-\",\"potentialAction\":[{\"@type\":\"SearchAction\",\"target\":{\"@type\":\"EntryPoint\",\"urlTemplate\":\"https:\\\/\\\/pierrecardinyatak.com.tr\\\/?s={search_term_string}\"},\"query-input\":{\"@type\":\"PropertyValueSpecification\",\"valueRequired\":true,\"valueName\":\"search_term_string\"}}],\"inLanguage\":\"ru-RU\"},{\"@type\":\"Person\",\"@id\":\"https:\\\/\\\/pierrecardinyatak.com.tr\\\/#\\\/schema\\\/person\\\/1c182155c79ef557a479bd374b58f902\",\"name\":\"admin\",\"image\":{\"@type\":\"ImageObject\",\"inLanguage\":\"ru-RU\",\"@id\":\"https:\\\/\\\/secure.gravatar.com\\\/avatar\\\/3a0c75d6a4a7b2213bf32cead72e590c8f6aa56e5c7c70ea801e74aa7a9372bc?s=96&d=mm&r=g\",\"url\":\"https:\\\/\\\/secure.gravatar.com\\\/avatar\\\/3a0c75d6a4a7b2213bf32cead72e590c8f6aa56e5c7c70ea801e74aa7a9372bc?s=96&d=mm&r=g\",\"contentUrl\":\"https:\\\/\\\/secure.gravatar.com\\\/avatar\\\/3a0c75d6a4a7b2213bf32cead72e590c8f6aa56e5c7c70ea801e74aa7a9372bc?s=96&d=mm&r=g\",\"caption\":\"admin\"},\"sameAs\":[\"https:\\\/\\\/pierrecardinbedding.com.tr\"],\"url\":\"https:\\\/\\\/pierrecardinyatak.com.tr\\\/kk\\\/author\\\/admin\\\/\"}]}<\/script>\n<!-- \/ Yoast SEO plugin. -->","yoast_head_json":{"title":"Geri \u00d6deme ve \u0130ade Politikas\u0131 - Pierre Cardin Yatak","description":"Pierre Cardin Yatak markas\u0131na ait Ki\u015fisel Verilerin Korunmas\u0131na \u0130li\u015fkin Ba\u015fvuru formuna ula\u015fabilir ve detayl\u0131 bilgi alabilirsiniz.","robots":{"index":"index","follow":"follow","max-snippet":"max-snippet:-1","max-image-preview":"max-image-preview:large","max-video-preview":"max-video-preview:-1"},"canonical":"https:\/\/pierrecardinyatak.com.tr\/kk\/geri-odeme-ve-iade-politikasi\/","og_locale":"en_US","og_type":"article","og_title":"Geri \u00d6deme ve \u0130ade Politikas\u0131 - Pierre Cardin Yatak","og_description":"Pierre Cardin Yatak markas\u0131na ait Ki\u015fisel Verilerin Korunmas\u0131na \u0130li\u015fkin Ba\u015fvuru formuna ula\u015fabilir ve detayl\u0131 bilgi alabilirsiniz.","og_url":"https:\/\/pierrecardinyatak.com.tr\/kk\/geri-odeme-ve-iade-politikasi\/","og_site_name":"Pierre Cardin Yatak","article_publisher":"https:\/\/www.facebook.com\/pierrecardinyatak","article_modified_time":"2023-11-09T13:28:45+00:00","twitter_card":"summary_large_image","twitter_site":"@pcardinbedding","twitter_misc":{"Est. reading time":"5 \u043c\u0438\u043d\u0443\u0442\u044b"},"schema":{"@context":"https:\/\/schema.org","@graph":[{"@type":["Article","BlogPosting"],"@id":"https:\/\/pierrecardinyatak.com.tr\/geri-odeme-ve-iade-politikasi\/#article","isPartOf":{"@id":"https:\/\/pierrecardinyatak.com.tr\/geri-odeme-ve-iade-politikasi\/"},"author":{"name":"admin","@id":"https:\/\/pierrecardinyatak.com.tr\/#\/schema\/person\/1c182155c79ef557a479bd374b58f902"},"headline":"Geri \u00d6deme ve \u0130ade Politikas\u0131","datePublished":"2023-01-31T11:47:44+00:00","dateModified":"2023-11-09T13:28:45+00:00","mainEntityOfPage":{"@id":"https:\/\/pierrecardinyatak.com.tr\/geri-odeme-ve-iade-politikasi\/"},"wordCount":1030,"inLanguage":"ru-RU"},{"@type":"WebPage","@id":"https:\/\/pierrecardinyatak.com.tr\/geri-odeme-ve-iade-politikasi\/","url":"https:\/\/pierrecardinyatak.com.tr\/geri-odeme-ve-iade-politikasi\/","name":"Geri \u00d6deme ve \u0130ade Politikas\u0131 - Pierre Cardin Yatak","isPartOf":{"@id":"https:\/\/pierrecardinyatak.com.tr\/#website"},"datePublished":"2023-01-31T11:47:44+00:00","dateModified":"2023-11-09T13:28:45+00:00","description":"Pierre Cardin Yatak markas\u0131na ait Ki\u015fisel Verilerin Korunmas\u0131na \u0130li\u015fkin Ba\u015fvuru formuna ula\u015fabilir ve detayl\u0131 bilgi alabilirsiniz.","breadcrumb":{"@id":"https:\/\/pierrecardinyatak.com.tr\/geri-odeme-ve-iade-politikasi\/#breadcrumb"},"inLanguage":"ru-RU","potentialAction":[{"@type":"ReadAction","target":["https:\/\/pierrecardinyatak.com.tr\/geri-odeme-ve-iade-politikasi\/"]}]},{"@type":"BreadcrumbList","@id":"https:\/\/pierrecardinyatak.com.tr\/geri-odeme-ve-iade-politikasi\/#breadcrumb","itemListElement":[{"@type":"ListItem","position":1,"name":"Anasayfa","item":"https:\/\/pierrecardinyatak.com.tr\/"},{"@type":"ListItem","position":2,"name":"Geri \u00d6deme ve \u0130ade Politikas\u0131"}]},{"@type":"WebSite","@id":"https:\/\/pierrecardinyatak.com.tr\/#website","url":"https:\/\/pierrecardinyatak.com.tr\/","name":"Pierre Cardin Yatak","description":"-","potentialAction":[{"@type":"SearchAction","target":{"@type":"EntryPoint","urlTemplate":"https:\/\/pierrecardinyatak.com.tr\/?s={search_term_string}"},"query-input":{"@type":"PropertyValueSpecification","valueRequired":true,"valueName":"search_term_string"}}],"inLanguage":"ru-RU"},{"@type":"Person","@id":"https:\/\/pierrecardinyatak.com.tr\/#\/schema\/person\/1c182155c79ef557a479bd374b58f902","name":"admin","image":{"@type":"ImageObject","inLanguage":"ru-RU","@id":"https:\/\/secure.gravatar.com\/avatar\/3a0c75d6a4a7b2213bf32cead72e590c8f6aa56e5c7c70ea801e74aa7a9372bc?s=96&d=mm&r=g","url":"https:\/\/secure.gravatar.com\/avatar\/3a0c75d6a4a7b2213bf32cead72e590c8f6aa56e5c7c70ea801e74aa7a9372bc?s=96&d=mm&r=g","contentUrl":"https:\/\/secure.gravatar.com\/avatar\/3a0c75d6a4a7b2213bf32cead72e590c8f6aa56e5c7c70ea801e74aa7a9372bc?s=96&d=mm&r=g","caption":"admin"},"sameAs":["https:\/\/pierrecardinbedding.com.tr"],"url":"https:\/\/pierrecardinyatak.com.tr\/kk\/author\/admin\/"}]}},"_links":{"self":[{"href":"https:\/\/pierrecardinyatak.com.tr\/kk\/wp-json\/wp\/v2\/pages\/11","targetHints":{"allow":["GET"]}}],"collection":[{"href":"https:\/\/pierrecardinyatak.com.tr\/kk\/wp-json\/wp\/v2\/pages"}],"about":[{"href":"https:\/\/pierrecardinyatak.com.tr\/kk\/wp-json\/wp\/v2\/types\/page"}],"author":[{"embeddable":true,"href":"https:\/\/pierrecardinyatak.com.tr\/kk\/wp-json\/wp\/v2\/users\/1"}],"replies":[{"embeddable":true,"href":"https:\/\/pierrecardinyatak.com.tr\/kk\/wp-json\/wp\/v2\/comments?post=11"}],"version-history":[{"count":0,"href":"https:\/\/pierrecardinyatak.com.tr\/kk\/wp-json\/wp\/v2\/pages\/11\/revisions"}],"wp:attachment":[{"href":"https:\/\/pierrecardinyatak.com.tr\/kk\/wp-json\/wp\/v2\/media?parent=11"}],"curies":[{"name":"wp","href":"https:\/\/api.w.org\/{rel}","templated":true}]}}